{"id":1385,"date":"2018-09-18T12:59:59","date_gmt":"2018-09-18T10:59:59","guid":{"rendered":"https:\/\/test.iridia.cat\/avis-legal\/"},"modified":"2024-09-18T16:30:09","modified_gmt":"2024-09-18T14:30:09","slug":"aviso-legal","status":"publish","type":"page","link":"https:\/\/iridia.cat\/es\/aviso-legal\/","title":{"rendered":"Av\u00eds legal"},"content":{"rendered":"<div class=\"wpb-content-wrapper\"><p>[vc_row el_class=&#8221;ird-section&#8221;][vc_column][vc_row_inner][vc_column_inner width=&#8221;4\/12&#8243;][mu_heading source=&#8221;post_title&#8221;][\/vc_column_inner][\/vc_row_inner][\/vc_column][\/vc_row][vc_row el_class=&#8221;ird-section&#8221;][vc_column][vc_row_inner][vc_column_inner][vc_column_text css=&#8221;&#8221;]El titular de la web www.iridia.cat (la \u201cWeb\u201d) es la Asociaci\u00f3n Ir\u00eddia, Centro para la Defensa de los Derechos Humanos, cuyos datos de identificaci\u00f3n son los siguientes:<\/p>\n<ul>\n<li>Domicilio social: C\/ Riera de Escuder 38, Nave 1 bajos, 08028 Barcelona<\/li>\n<li>NIF: G66610882<\/li>\n<li>Tel\u00e9fono: Telf.: (+34) 693 563 529<\/li>\n<li>Datos registrales: inscrita como Asociaci\u00f3n con el n\u00famero 57634 en el Registro de Asociaciones del Departamento de Justicia<\/li>\n<\/ul>\n<p>El acceso, navegaci\u00f3n y uso de la Web www.iridia.cat supone el conocimiento y aceptaci\u00f3n por parte de la Usuaria tanto de las condiciones de utilizaci\u00f3n que se establezcan a continuaci\u00f3n como de las condiciones particulares que puedan ser establecidas por alg\u00fan servicio espec\u00edfico.[\/vc_column_text][\/vc_column_inner][\/vc_row_inner][\/vc_column][\/vc_row][vc_row el_class=&#8221;ird-section&#8221; el_id=&#8221;cookies&#8221;][vc_column][vc_row_inner][vc_column_inner][vc_column_text css=&#8221;&#8221;]<\/p>\n<h2>Cookies<\/h2>\n<p>Nuestra pol\u00edtica se basa en la privacidad de los datos de la persona visitante, no tenemos cookies de anuncios ni rastreamos tu localizaci\u00f3n por ejemplo.<br \/>\nEl sitio web de <a href=\"https:\/\/iridia.cat\/es\/\">https:\/\/iridia.cat\/<\/a> utiliza cookies y otros archivos de funcionalidad similar (en adelante las &#8220;Cookies&#8221;) para mejorar la experiencia del usuario. Esta pol\u00edtica puede ser actualizada, por lo cual invitamos a la persona usuaria a revisarla regularmente.<\/p>\n<p>Para m\u00e1s informaci\u00f3n sobre el tratamiento de los datos personales puede consultar nuestra <a href=\"https:\/\/iridia.cat\/es\/proteccion-datos\/\">Pol\u00edtica de privacidad<\/a>.<\/p>\n<p>En cas de dubte o de qualsevol comentari, es pot comunicar amb nosaltres a trav\u00e9s de l&#8217;adre\u00e7a: C\/ Riera d&#8217;Escuder 38, Nau 1, 08028 Barcelona i tel\u00e8fon (+34) 693 563 529.[\/vc_column_text][vc_toggle title=&#8221;\u00bfQu\u00e9 son las cookies y por qu\u00e9 se utilizan?&#8221; css=&#8221;&#8221;]Una Cookie es un peque\u00f1o archivo que se almacena en el ordenador del usuario y que permite al sitio web reconocer a la persona durante un tiempo determinado. El conjunto de cookies nos ayuda a mejorar la calidad de nuestra web y la capacidad comunicativa de Ir\u00eddia, permiti\u00e9ndonos controlar qu\u00e9 p\u00e1ginas son \u00fatiles para nuestras usuarias y cu\u00e1les no.<\/p>\n<p>Las cookies son esenciales para el funcionamiento de internet, aportando innumerables ventajas en la prestaci\u00f3n de servicios interactivos, facilit\u00e1ndole la navegaci\u00f3n y operatividad de nuestro sitio web. Tenga en cuenta que las cookies no pueden estropear su equipo y que, a cambio, el hecho de que est\u00e9n activadas nos ayuda a identificar y resolver los errores.[\/vc_toggle][vc_toggle title=&#8221;\u00bfQu\u00e9 cookies utilizamos?&#8221; css=&#8221;&#8221;]Les <em>cookies<\/em> que fa servir Ir\u00eddia s\u00f3n nom\u00e9s les necess\u00e0ries i les de rendiment o funcionalitat, per tal de garantir un bon \u00fas de la web a la persona usu\u00e0ria. S\u2019anonimitzen les dades de la persona visitant per tal de poder obtenir estad\u00edstiques de visualitzaci\u00f3.<\/p>\n<p>Algunes <em>cookies<\/em> s\u2019emmagatzemen al navegador durant un temps determinat per guardar algunes prefer\u00e8ncies, com l\u2019acceptaci\u00f3 de la pol\u00edtica de Cookies, i altres s\u2019emmagatzemen temporalment nom\u00e9s durant la visualitzaci\u00f3 del lloc web.<\/p>\n<p>Les <em>cookies<\/em> que fa servir el lloc web d\u2019Ir\u00eddia s\u00f3n del tipus necess\u00e0ries, funcionals i de rendiment. Les <strong>necess\u00e0ries<\/strong> s\u00f3n crucials per a les funcions b\u00e0siques del lloc web i el lloc web no funcionar\u00e0 de la forma prevista sense elles. Aquestes <em>cookies<\/em> no emmagatzemen cap dada d&#8217;identificaci\u00f3 personal. Les <em>cookies<\/em>\u00a0 <strong>funcionals<\/strong> ajuden a realitzar certes funcionalitats, com compartir el contingut del lloc web en plataformes de xarxes socials, recopilar comentaris i altres caracter\u00edstiques de tercers. Les <em>cookies<\/em> de <strong>rendiment<\/strong> s&#8217;utilitzen per comprendre i analitzar els \u00edndexs de rendiment clau del lloc web, la qual cosa ajuda a proporcionar una millor experi\u00e8ncia d&#8217;usuari per als visitants.<\/p>\n<p>Les <em>cookies<\/em> anal\u00edtiques s\u00f3n an\u00f2nimes, ja que quan es produeix una visita a la web se li atorga a la persona usu\u00e0ria un ID i a partir d\u2019aquest es generen informes de visualitzaci\u00f3, per\u00f2 no es generen <em>cookies<\/em> ni es guarda informaci\u00f3 personal.<\/p>\n<p>La taula que publiquem a continuaci\u00f3 recull, de manera esquematitzada, les <em>cookies<\/em> que utilitzem al nostre lloc web:<\/p>\n<table width=\"964\">\n<tbody>\n<tr>\n<td width=\"151\"><strong>Nombre de la cookie<\/strong><\/td>\n<td width=\"85\"><strong>Proveedor<\/strong><\/td>\n<td width=\"605\"><strong>Prop\u00f3sito<\/strong><\/td>\n<td width=\"123\"><strong>Duraci\u00f3n<\/strong><\/td>\n<\/tr>\n<tr>\n<td width=\"151\">PHPSESSID<\/td>\n<td width=\"85\">Ir\u00eddia<\/td>\n<td width=\"605\">Cookie generada por aplicaciones basadas en el lenguaje PHP. Se trata de un identificador de prop\u00f3sito general utilizado para mantener las variables de sesi\u00f3n del usuario. Normalmente es un n\u00famero generado aleatoriamente, la forma en que se utiliza puede ser espec\u00edfica del sitio, pero un buen ejemplo es mantener el estado de inicio de sesi\u00f3n de un usuario entre p\u00e1ginas.<\/td>\n<td width=\"123\">Durante la sesi\u00f3n<\/td>\n<\/tr>\n<tr>\n<td width=\"151\">cookieyes-consent<\/td>\n<td width=\"85\">Ir\u00eddia<\/td>\n<td width=\"605\">Esta cookie se utiliza para recordar el consentimiento del usuario al uso de cookies en el sitio web.<\/td>\n<td width=\"123\">1 a\u00f1o<\/td>\n<\/tr>\n<tr>\n<td width=\"151\">VISITOR_PRIVACY_METADATA<\/td>\n<td width=\"85\">Youtube<\/td>\n<td width=\"605\">Esta cookie se utiliza para almacenar el consentimiento y las opciones de privacidad del usuario para su interacci\u00f3n con el sitio. Registra datos sobre el consentimiento del visitante en relaci\u00f3n con diversas pol\u00edticas y configuraciones de privacidad, garantizando que sus preferencias se respeten en futuras sesiones.<\/td>\n<td width=\"123\">6 meses<\/td>\n<\/tr>\n<tr>\n<td width=\"151\">m<\/td>\n<td width=\"85\">Stripe<\/td>\n<td width=\"605\">Esta cookie se utiliza generalmente para el rendimiento y la optimizaci\u00f3n de los servicios de procesamiento de pagos, facilitando el almacenamiento en cach\u00e9 del contenido en el navegador para que las p\u00e1ginas se carguen m\u00e1s r\u00e1pido.<\/td>\n<td width=\"123\">1 a\u00f1o y 1 mes<\/td>\n<\/tr>\n<tr>\n<td width=\"151\">VISITOR_INFO1_LIVE<\/td>\n<td width=\"85\">Youtube<\/td>\n<td width=\"605\">Esta cookie la instala Youtube para hacer un seguimiento de las preferencias del usuario para los v\u00eddeos de Youtube incrustados en los sitios; tambi\u00e9n puede determinar si el visitante del sitio web est\u00e1 utilizando la versi\u00f3n nueva o antigua de la interfaz de Youtube.<\/td>\n<td width=\"123\">6 meses<\/td>\n<\/tr>\n<tr>\n<td width=\"151\">YSC<\/td>\n<td width=\"85\">Youtube<\/td>\n<td width=\"605\">Esta cookie la instala Youtube para hacer un seguimiento de las visualizaciones de los v\u00eddeos incrustados.<\/td>\n<td width=\"123\">Durante la sesi\u00f3n<\/td>\n<\/tr>\n<tr>\n<td width=\"151\">__stripe_mid<\/td>\n<td width=\"85\">Stripe<\/td>\n<td width=\"605\">Esta cookie est\u00e1 asociada a Calendly, un programador de reuniones que emplean algunos sitios web. Esta cookie permite que el programador de reuniones funcione dentro del sitio web.<\/td>\n<td width=\"123\">1 a\u00f1o<\/td>\n<\/tr>\n<tr>\n<td width=\"151\">__stripe_sid<\/td>\n<td width=\"85\">Stripe<\/td>\n<td width=\"605\">Esta cookie est\u00e1 asociada a Calendly, un programador de reuniones que utilizan algunos sitios web. Esta cookie permite que el programador de reuniones funcione dentro del sitio web.<\/td>\n<td width=\"123\">30 minutos<\/td>\n<\/tr>\n<\/tbody>\n<\/table>\n<p>[\/vc_toggle][vc_toggle title=&#8221;\u00bfC\u00f3mo puedo deshabilitar las cookies?&#8221; css=&#8221;&#8221;]En cualquier caso, la persona usuaria puede habilitar la opci\u00f3n de su propio sistema de navegaci\u00f3n por no permitir la instalaci\u00f3n de cookies; sin que en ning\u00fan caso Ir\u00eddia pueda ser responsable de que la inhabilitaci\u00f3n de Cookies comporte que algunos de los servicios que ofrece esta web no funcione correctamente.<\/p>\n<p>En los siguientes enlaces, podr\u00e1 encontrar instrucciones que le ayudar\u00e1n a configurar los ajustes de los principales navegadores m\u00e1s utilizados:<\/p>\n<p>Mozilla Firefox:\u00a0\u00a0\u00a0\u00a0\u00a0\u00a0\u00a0\u00a0\u00a0\u00a0\u00a0\u00a0 <a href=\"https:\/\/support.mozilla.org\/t5\/Cookies-y-cach%C3%A9\/Habilitar-y-deshabilitar-cookies-que-los-sitios-web-utilizan\/ta-p\/13811\">https:\/\/support.mozilla.org\/t5\/Cookies-y-cach%C3%A9\/Habilitar-y-deshabilitar-cookies-que-los-sitios-web-utilizan\/ta-p\/13811<\/a><\/p>\n<p>Google Chrome:\u00a0\u00a0\u00a0\u00a0\u00a0\u00a0\u00a0\u00a0\u00a0\u00a0 <a href=\"https:\/\/support.google.com\/chrome\/answer\/95647?hl=es\">https:\/\/support.google.com\/chrome\/answer\/95647?hl=es<\/a><\/p>\n<p>Safari: \u00a0\u00a0\u00a0\u00a0\u00a0\u00a0\u00a0\u00a0\u00a0\u00a0\u00a0\u00a0 \u00a0\u00a0\u00a0\u00a0\u00a0\u00a0\u00a0\u00a0\u00a0\u00a0\u00a0\u00a0\u00a0\u00a0<a href=\"http:\/\/support.apple.com\/kb\/ph5042?viewlocale=es_es&amp;locale=es_es\">http:\/\/support.apple.com\/kb\/ph5042?viewlocale=es_es&amp;locale=es_es<\/a><\/p>\n<p>Internet Explorer:\u00a0\u00a0\u00a0\u00a0\u00a0\u00a0\u00a0\u00a0\u00a0 <a href=\"https:\/\/support.microsoft.com\/es-es\/help\/17442\/windows-internet-explorer-delete-manage-cookies\">https:\/\/support.microsoft.com\/es-es\/help\/17442\/windows-internet-explorer-delete-manage-cookies<\/a><\/p>\n<p>Safari para IOS:\u00a0 \u00a0\u00a0\u00a0\u00a0\u00a0\u00a0\u00a0\u00a0\u00a0\u00a0\u00a0 <a href=\"https:\/\/support.apple.com\/kb\/ph21411?locale=es_ES\">https:\/\/support.apple.com\/kb\/ph21411?locale=es_ES<\/a><\/p>\n<p>Chrome Android: \u00a0\u00a0\u00a0\u00a0\u00a0\u00a0\u00a0\u00a0 <a href=\"https:\/\/support.google.com\/chrome\/answer\/2392971?hl=es\">https:\/\/support.google.com\/chrome\/answer\/2392971?hl=es<\/a>[\/vc_toggle][vc_toggle title=&#8221;Garant\u00edas complementarias y gesti\u00f3n de cookies&#8221; css=&#8221;&#8221;]Como garant\u00eda complementaria a las anteriormente descritas, el registro de las cookies podr\u00e1 estar sujeto a su aceptaci\u00f3n durante la instalaci\u00f3n o puesta al d\u00eda del navegador empleado. Esta aceptaci\u00f3n puede ser revocada en todo momento mediante las opciones de configuraci\u00f3n de contenidos y privacidad disponibles.<\/p>\n<p>Muchos navegadores permiten activar un modo privado mediante el cual las cookies se borran siempre despu\u00e9s de su visita. Dependiendo de cada navegador, este modo privado puede tener distintos nombres, por ejemplo \u201cNueva ventana privada\u201d.[\/vc_toggle][vc_toggle title=&#8221;Plazos de conservaci\u00f3n de las cookies&#8221; css=&#8221;&#8221;]Los datos personales obtenidos a partir del uso de las cookies ser\u00e1n conservados durante el plazo indicado en la columna descriptiva &#8220;Duraci\u00f3n&#8221; y, una vez finalizada este plazo, durante los plazos de prescripci\u00f3n legales aplicables seg\u00fan las diferentes finalidades. Transcurrido el plazo de prescripci\u00f3n, sus datos ser\u00e1n eliminados.[\/vc_toggle][vc_toggle title=&#8221;Transferencias de datos a terceros pa\u00edses&#8221; css=&#8221;&#8221;]El tratamiento de los datos se realiza, a todos los efectos, por prestadores de servicios ubicados dentro del Espacio Econ\u00f3mico Europeo o en pa\u00edses que han sido declarados con un adecuado nivel de protecci\u00f3n.<\/p>\n<p>Tambi\u00e9n se pueden producir transferencias internacionales de datos en sede de comunicaciones de \u00e9stos a terceros, u terceros pa\u00edses a los que se realizan transferencias internacionales de datos, para m\u00e1s informaci\u00f3n consulte a nuestra pol\u00edtica de privacidad.[\/vc_toggle][\/vc_column_inner][\/vc_row_inner][\/vc_column][\/vc_row][vc_row el_class=&#8221;ird-section&#8221;][vc_column][vc_row_inner][vc_column_inner][vc_column_text css=&#8221;&#8221;]<\/p>\n<h2>Condiciones de uso<\/h2>\n<h3>Acceso<\/h3>\n<p>El acceso a esta Web es gratuito. El acceso y uso de la Web por el usuario comporta la aceptaci\u00f3n del Aviso Legal, as\u00ed como de la Pol\u00edtica de Privacidad y de Cookies de la Web. La persona Usuaria debe leer atentamente el Aviso Legal y la Pol\u00edtica de Privacidad y de Cookies cuando se proponga utilizar la Web, ya que \u00e9stas podr\u00e1n ser adaptadas y\/o modificadas en cualquier momento. Si no las acepta, le rogamos que se abstenga de utilizar la Web y su contenido.<\/p>\n<p>La persona Usuaria garantiza la autenticidad y veracidad de los datos que comunique a IRIDIA al rellenar el\/los formulario\/s para el registro o acceso a determinados servicios ofrecidos a trav\u00e9s de la Web. La persona Usuaria se compromete y responsabiliza a mantener toda la informaci\u00f3n facilitada de forma que responda, en todo momento, a su situaci\u00f3n real.<\/p>\n<p>Si como consecuencia del registro, se proporciona al usuario una contrase\u00f1a, \u00e9ste se compromete a hacer un uso diligente y a mantener en secreto la misma, no cedi\u00e9ndola a terceros en ning\u00fan caso. Ser\u00e1 responsabilidad del usuario la utilizaci\u00f3n il\u00edcita de los servicios por cualquier tercero ileg\u00edtimo derivado de un mal uso o custodia de la contrase\u00f1a.<\/p>\n<p>&nbsp;<\/p>\n<h3>M\u00e8dia<\/h3>\n<p>Si sube im\u00e1genes al sitio web, debe evitar subir im\u00e1genes que incluyan datos de geolocalizaci\u00f3n (EXIF GPS) incrustados. Los visitantes del sitio web pueden descargar y extraer cualquier informaci\u00f3n de las im\u00e1genes de la web.<\/p>\n<h3>Exclusi\u00f3n de Responsabilidad<\/h3>\n<p>IRIDIA realiza los m\u00e1ximos esfuerzos para evitar cualquier error en los contenidos que puedan aparecer en esta Web. Sin embargo IRIDIA no garantiza la exactitud ni la puesta al d\u00eda de la informaci\u00f3n que se pueda obtener del mismo que no sean de elaboraci\u00f3n propia. De esta forma IRIDIA no asume ninguna responsabilidad derivada del uso por terceros del contenido de este sitio.<\/p>\n<p>IRIDIA velar\u00e1 por que la Web no sufra interrupciones, pero no puede garantizar la ausencia de errores tecnol\u00f3gicos, ni la permanente disponibilidad del mismo y de los servicios contenidos en \u00e9l y, en consecuencia, no asume responsabilidad por los da\u00f1os y perjuicios que puedan generarla por la falta de disponibilidad y por los errores en el acceso ocasionados por desconexiones, aver\u00edas, sobrecargas o ca\u00eddas de la red no imputables a IRIDIA.<\/p>\n<p>Esta Web incluye, dentro de sus contenidos, enlaces a sitios web que son propiedad y\/o son gestionados por terceros. Esta Web no asume ninguna responsabilidad derivada de la existencia de enlaces entre los contenidos de este sitio y contenidos situados fuera del mismo o de cualquier otra menci\u00f3n de contenidos externos a este sitio.<\/p>\n<h3>Propiedad Intelectual<\/h3>\n<p>Esta Web y los elementos que la componen (c\u00f3digo fuente, textos, im\u00e1genes, logotipos y otros signos distintivos) y sus contenidos, est\u00e1n protegidos por la Ley de Propiedad Intelectual, no pudiendo ser objeto de explotaci\u00f3n, reproducci\u00f3n, distribuci\u00f3n, modificaci\u00f3n, difusi\u00f3n o transformaci\u00f3n no expresamente autorizada.<\/p>\n<p>IRIDIA es titular de los derechos de propiedad intelectual de esta Web, as\u00ed como de su contenido, salvo que se indique expresamente lo contrario.<\/p>\n<p>Cuando los visitantes dejan comentarios en la web, recogemos los datos que se muestran en el formulario de contacto, as\u00ed como la direcci\u00f3n IP del visitante y la cadena del agente del usuario del navegador para ayudar a la detecci\u00f3n de mensajes no deseados.<\/p>\n<p>IRIDIA proh\u00edbe expresamente la realizaci\u00f3n de \u201cframings\u201d o la utilizaci\u00f3n por parte de terceros u otros mecanismos que alteren el dise\u00f1o, configuraci\u00f3n original o contenidos de su Web.<\/p>\n<p>La utilizaci\u00f3n no autorizada de los Contenidos, as\u00ed como los perjuicios ocasionados en los derechos de propiedad intelectual e industrial de IRIDIA, pueden dar lugar al ejercicio de las acciones que legalmente le correspondan, ya las responsabilidades que, en su caso, se deriven de \u00e9stos.<\/p>\n<h3>Normas de comportamiento<\/h3>\n<p>La Web de IRIDIA es un espacio de libertad donde la persona usuaria podr\u00e1 opinar libremente en los espacios que as\u00ed lo permitan siempre y cuando los mensajes no contengan:<\/p>\n<ul>\n<li>Datos personales de terceros (informaci\u00f3n personal, direcciones, tel\u00e9fono, mails\u2026)<\/li>\n<li>Contenidos sexistas, machistas u hom\u00f3fobos<\/li>\n<li>Contenidos que defiendan la actuaci\u00f3n o ideales de cualquier tipo de grupo u organizaci\u00f3n terrorista.<\/li>\n<li>Y, a grandes rasgos, cualquier contenido que contravenga la Ley vigente.<\/li>\n<\/ul>\n<p>Cualquier mensaje de este tipo ser\u00e1 eliminado y si IRIDIA lo cree conveniente emprender\u00e1 acciones legales contra sus autores.[\/vc_column_text][\/vc_column_inner][\/vc_row_inner][\/vc_column][\/vc_row]<\/p>\n<\/div>","protected":false},"excerpt":{"rendered":"<p>[vc_row el_class=&#8221;ird-section&#8221;][vc_column][vc_row_inner][vc_column_inner width=&#8221;4\/12&#8243;][mu_heading source=&#8221;post_title&#8221;][\/vc_column_inner][\/vc_row_inner][\/vc_column][\/vc_row][vc_row el_class=&#8221;ird-section&#8221;][vc_column][vc_row_inner][vc_column_inner][vc_column_text css=&#8221;&#8221;]El titular de la web www.iridia.cat (la \u201cWeb\u201d) es la Asociaci\u00f3n Ir\u00eddia, Centro para la Defensa de los Derechos Humanos, cuyos datos de identificaci\u00f3n son los siguientes: Domicilio social: C\/ Riera de Escuder 38, Nave 1 bajos, 08028 Barcelona NIF: G66610882 Tel\u00e9fono: Telf.: (+34) 693 563 529 Datos registrales: inscrita [&hellip;]<\/p>\n","protected":false},"author":2,"featured_media":0,"parent":0,"menu_order":51,"comment_status":"closed","ping_status":"closed","template":"","meta":{"_acf_changed":false,"footnotes":""},"tags":[],"class_list":["post-1385","page","type-page","status-publish","hentry"],"acf":[],"yoast_head":"<!-- This site is optimized with the Yoast SEO plugin v27.4 - https:\/\/yoast.com\/product\/yoast-seo-wordpress\/ -->\n<title>Av\u00eds legal - Ir\u00eddia<\/title>\n<meta name=\"robots\" content=\"index, follow, max-snippet:-1, max-image-preview:large, max-video-preview:-1\" \/>\n<link rel=\"canonical\" href=\"https:\/\/iridia.cat\/es\/aviso-legal\/\" \/>\n<meta property=\"og:locale\" content=\"es_ES\" \/>\n<meta property=\"og:type\" content=\"article\" \/>\n<meta property=\"og:title\" content=\"Av\u00eds legal - Ir\u00eddia\" \/>\n<meta property=\"og:description\" content=\"[vc_row el_class=&#8221;ird-section&#8221;][vc_column][vc_row_inner][vc_column_inner width=&#8221;4\/12&#8243;][mu_heading source=&#8221;post_title&#8221;][\/vc_column_inner][\/vc_row_inner][\/vc_column][\/vc_row][vc_row el_class=&#8221;ird-section&#8221;][vc_column][vc_row_inner][vc_column_inner][vc_column_text css=&#8221;&#8221;]El titular de la web www.iridia.cat (la \u201cWeb\u201d) es la Asociaci\u00f3n Ir\u00eddia, Centro para la Defensa de los Derechos Humanos, cuyos datos de identificaci\u00f3n son los siguientes: Domicilio social: C\/ Riera de Escuder 38, Nave 1 bajos, 08028 Barcelona NIF: G66610882 Tel\u00e9fono: Telf.: (+34) 693 563 529 Datos registrales: inscrita [&hellip;]\" \/>\n<meta property=\"og:url\" content=\"https:\/\/iridia.cat\/es\/aviso-legal\/\" \/>\n<meta property=\"og:site_name\" content=\"Ir\u00eddia\" \/>\n<meta property=\"article:modified_time\" content=\"2024-09-18T14:30:09+00:00\" \/>\n<meta name=\"twitter:card\" content=\"summary_large_image\" \/>\n<meta name=\"twitter:label1\" content=\"Est. reading time\" \/>\n\t<meta name=\"twitter:data1\" content=\"11 minutes\" \/>\n<script type=\"application\/ld+json\" class=\"yoast-schema-graph\">{\"@context\":\"https:\\\/\\\/schema.org\",\"@graph\":[{\"@type\":\"WebPage\",\"@id\":\"https:\\\/\\\/iridia.cat\\\/es\\\/aviso-legal\\\/\",\"url\":\"https:\\\/\\\/iridia.cat\\\/es\\\/aviso-legal\\\/\",\"name\":\"Av\u00eds legal - Ir\u00eddia\",\"isPartOf\":{\"@id\":\"https:\\\/\\\/test.iridia.cat\\\/#website\"},\"datePublished\":\"2018-09-18T10:59:59+00:00\",\"dateModified\":\"2024-09-18T14:30:09+00:00\",\"breadcrumb\":{\"@id\":\"https:\\\/\\\/iridia.cat\\\/es\\\/aviso-legal\\\/#breadcrumb\"},\"inLanguage\":\"es-ES\",\"potentialAction\":[{\"@type\":\"ReadAction\",\"target\":[\"https:\\\/\\\/iridia.cat\\\/es\\\/aviso-legal\\\/\"]}]},{\"@type\":\"BreadcrumbList\",\"@id\":\"https:\\\/\\\/iridia.cat\\\/es\\\/aviso-legal\\\/#breadcrumb\",\"itemListElement\":[{\"@type\":\"ListItem\",\"position\":1,\"name\":\"Inici\",\"item\":\"https:\\\/\\\/iridia.cat\\\/es\\\/\"},{\"@type\":\"ListItem\",\"position\":2,\"name\":\"Av\u00eds legal\"}]},{\"@type\":\"WebSite\",\"@id\":\"https:\\\/\\\/test.iridia.cat\\\/#website\",\"url\":\"https:\\\/\\\/test.iridia.cat\\\/\",\"name\":\"Ir\u00eddia\",\"description\":\"\",\"publisher\":{\"@id\":\"https:\\\/\\\/test.iridia.cat\\\/#organization\"},\"potentialAction\":[{\"@type\":\"SearchAction\",\"target\":{\"@type\":\"EntryPoint\",\"urlTemplate\":\"https:\\\/\\\/test.iridia.cat\\\/?s={search_term_string}\"},\"query-input\":{\"@type\":\"PropertyValueSpecification\",\"valueRequired\":true,\"valueName\":\"search_term_string\"}}],\"inLanguage\":\"es-ES\"},{\"@type\":\"Organization\",\"@id\":\"https:\\\/\\\/test.iridia.cat\\\/#organization\",\"name\":\"Ir\u00eddia\",\"url\":\"https:\\\/\\\/test.iridia.cat\\\/\",\"logo\":{\"@type\":\"ImageObject\",\"inLanguage\":\"es-ES\",\"@id\":\"https:\\\/\\\/test.iridia.cat\\\/#\\\/schema\\\/logo\\\/image\\\/\",\"url\":\"https:\\\/\\\/iridia.cat\\\/wp-content\\\/uploads\\\/2022\\\/10\\\/avatar_iridia.png\",\"contentUrl\":\"https:\\\/\\\/iridia.cat\\\/wp-content\\\/uploads\\\/2022\\\/10\\\/avatar_iridia.png\",\"width\":740,\"height\":220,\"caption\":\"Ir\u00eddia\"},\"image\":{\"@id\":\"https:\\\/\\\/test.iridia.cat\\\/#\\\/schema\\\/logo\\\/image\\\/\"}}]}<\/script>\n<!-- \/ Yoast SEO plugin. -->","yoast_head_json":{"title":"Av\u00eds legal - Ir\u00eddia","robots":{"index":"index","follow":"follow","max-snippet":"max-snippet:-1","max-image-preview":"max-image-preview:large","max-video-preview":"max-video-preview:-1"},"canonical":"https:\/\/iridia.cat\/es\/aviso-legal\/","og_locale":"es_ES","og_type":"article","og_title":"Av\u00eds legal - Ir\u00eddia","og_description":"[vc_row el_class=&#8221;ird-section&#8221;][vc_column][vc_row_inner][vc_column_inner width=&#8221;4\/12&#8243;][mu_heading source=&#8221;post_title&#8221;][\/vc_column_inner][\/vc_row_inner][\/vc_column][\/vc_row][vc_row el_class=&#8221;ird-section&#8221;][vc_column][vc_row_inner][vc_column_inner][vc_column_text css=&#8221;&#8221;]El titular de la web www.iridia.cat (la \u201cWeb\u201d) es la Asociaci\u00f3n Ir\u00eddia, Centro para la Defensa de los Derechos Humanos, cuyos datos de identificaci\u00f3n son los siguientes: Domicilio social: C\/ Riera de Escuder 38, Nave 1 bajos, 08028 Barcelona NIF: G66610882 Tel\u00e9fono: Telf.: (+34) 693 563 529 Datos registrales: inscrita [&hellip;]","og_url":"https:\/\/iridia.cat\/es\/aviso-legal\/","og_site_name":"Ir\u00eddia","article_modified_time":"2024-09-18T14:30:09+00:00","twitter_card":"summary_large_image","twitter_misc":{"Est. reading time":"11 minutes"},"schema":{"@context":"https:\/\/schema.org","@graph":[{"@type":"WebPage","@id":"https:\/\/iridia.cat\/es\/aviso-legal\/","url":"https:\/\/iridia.cat\/es\/aviso-legal\/","name":"Av\u00eds legal - Ir\u00eddia","isPartOf":{"@id":"https:\/\/test.iridia.cat\/#website"},"datePublished":"2018-09-18T10:59:59+00:00","dateModified":"2024-09-18T14:30:09+00:00","breadcrumb":{"@id":"https:\/\/iridia.cat\/es\/aviso-legal\/#breadcrumb"},"inLanguage":"es-ES","potentialAction":[{"@type":"ReadAction","target":["https:\/\/iridia.cat\/es\/aviso-legal\/"]}]},{"@type":"BreadcrumbList","@id":"https:\/\/iridia.cat\/es\/aviso-legal\/#breadcrumb","itemListElement":[{"@type":"ListItem","position":1,"name":"Inici","item":"https:\/\/iridia.cat\/es\/"},{"@type":"ListItem","position":2,"name":"Av\u00eds legal"}]},{"@type":"WebSite","@id":"https:\/\/test.iridia.cat\/#website","url":"https:\/\/test.iridia.cat\/","name":"Ir\u00eddia","description":"","publisher":{"@id":"https:\/\/test.iridia.cat\/#organization"},"potentialAction":[{"@type":"SearchAction","target":{"@type":"EntryPoint","urlTemplate":"https:\/\/test.iridia.cat\/?s={search_term_string}"},"query-input":{"@type":"PropertyValueSpecification","valueRequired":true,"valueName":"search_term_string"}}],"inLanguage":"es-ES"},{"@type":"Organization","@id":"https:\/\/test.iridia.cat\/#organization","name":"Ir\u00eddia","url":"https:\/\/test.iridia.cat\/","logo":{"@type":"ImageObject","inLanguage":"es-ES","@id":"https:\/\/test.iridia.cat\/#\/schema\/logo\/image\/","url":"https:\/\/iridia.cat\/wp-content\/uploads\/2022\/10\/avatar_iridia.png","contentUrl":"https:\/\/iridia.cat\/wp-content\/uploads\/2022\/10\/avatar_iridia.png","width":740,"height":220,"caption":"Ir\u00eddia"},"image":{"@id":"https:\/\/test.iridia.cat\/#\/schema\/logo\/image\/"}}]}},"_links":{"self":[{"href":"https:\/\/iridia.cat\/es\/wp-json\/wp\/v2\/pages\/1385","targetHints":{"allow":["GET"]}}],"collection":[{"href":"https:\/\/iridia.cat\/es\/wp-json\/wp\/v2\/pages"}],"about":[{"href":"https:\/\/iridia.cat\/es\/wp-json\/wp\/v2\/types\/page"}],"author":[{"embeddable":true,"href":"https:\/\/iridia.cat\/es\/wp-json\/wp\/v2\/users\/2"}],"replies":[{"embeddable":true,"href":"https:\/\/iridia.cat\/es\/wp-json\/wp\/v2\/comments?post=1385"}],"version-history":[{"count":6,"href":"https:\/\/iridia.cat\/es\/wp-json\/wp\/v2\/pages\/1385\/revisions"}],"predecessor-version":[{"id":9875,"href":"https:\/\/iridia.cat\/es\/wp-json\/wp\/v2\/pages\/1385\/revisions\/9875"}],"wp:attachment":[{"href":"https:\/\/iridia.cat\/es\/wp-json\/wp\/v2\/media?parent=1385"}],"wp:term":[{"taxonomy":"post_tag","embeddable":true,"href":"https:\/\/iridia.cat\/es\/wp-json\/wp\/v2\/tags?post=1385"}],"curies":[{"name":"wp","href":"https:\/\/api.w.org\/{rel}","templated":true}]}}