{"id":919,"date":"2018-09-04T17:24:59","date_gmt":"2018-09-04T15:24:59","guid":{"rendered":"https:\/\/test.iridia.cat\/migracions-racisme\/?lang=es"},"modified":"2024-03-21T13:43:38","modified_gmt":"2024-03-21T12:43:38","slug":"migracions-racisme","status":"publish","type":"page","link":"https:\/\/iridia.cat\/es\/migracions-racisme\/","title":{"rendered":"Pol\u00edticas migratorias y frontera"},"content":{"rendered":"<div class=\"wpb-content-wrapper\"><p>[vc_row][vc_column][vc_row_inner][vc_column_inner][mu_heading text=&#8221;Pol\u00edticas migratorias y frontera&#8221;][\/vc_column_inner][\/vc_row_inner][\/vc_column][\/vc_row][vc_row el_class=&#8221;ird-section&#8221;][vc_column][vc_row_inner][vc_column_inner el_class=&#8221;medium-4&#8243; width=&#8221;1\/3&#8243;][iridia_section_title heading=&#8221;Misi\u00f3n&#8221;][\/vc_column_inner][vc_column_inner el_class=&#8221;medium-8&#8243; width=&#8221;7\/12&#8243;][vc_column_text css_animation=&#8221;right-to-left&#8221;]Uno de los principales objetivos de Ir\u00eddia es fomentar y garantizar el respeto a los derechos humanos en las <strong>pol\u00edticas, normativas y pr\u00e1cticas de control migratorio y frontera<\/strong> en el Estado espa\u00f1ol.[\/vc_column_text][\/vc_column_inner][\/vc_row_inner][\/vc_column][\/vc_row][vc_row el_class=&#8221;ird-section&#8221;][vc_column][vc_row_inner][vc_column_inner el_class=&#8221;medium-4&#8243; width=&#8221;1\/3&#8243;][iridia_section_title heading=&#8221;Objetivos&#8221;][mu_text_block]Los objetivos de la l\u00ednea de pol\u00edticas migratorias y frontera son:[\/mu_text_block][\/vc_column_inner][vc_column_inner el_class=&#8221;medium-8&#8243; width=&#8221;7\/12&#8243;][iridia_section_list]<\/p>\n<ul>\n<li>Monitorear y denunciar la vulneraci\u00f3n de derechos humanos en la frontera a partir de la comunicaci\u00f3n y la incidencia pol\u00edtica y jur\u00eddica fomentando el trabajo en red.<\/li>\n<li>Incorporar la litigaci\u00f3n estrat\u00e9gica en el \u00e1mbito de la violencia institucional en el contexto de frontera.<\/li>\n<li>Incidir en la incorporaci\u00f3n de la mirada antirracista y de derechos humanos en la percepci\u00f3n de las migraciones a trav\u00e9s de una comunicaci\u00f3n transformadora.<\/li>\n<li>Aumentar la capacidad de incidencia en las pol\u00edticas migratorias en el Estado espa\u00f1ol para la protecci\u00f3n de derechos humanos, as\u00ed como para lograr la eliminaci\u00f3n de los CIEs.<\/li>\n<li>Reforzar el trabajo con las organizaciones de personas migrantes y\/o racializadas para denunciar conjuntamente las pol\u00edticas migratorias y de control de fronteras que afectan a los derechos humanos.<\/li>\n<\/ul>\n<p>[\/iridia_section_list][\/vc_column_inner][\/vc_row_inner][\/vc_column][\/vc_row][vc_row][vc_column][vc_row_inner][vc_column_inner width=&#8221;1\/4&#8243;][iridia_section_title heading=&#8221;Noticias&#8221;][\/vc_column_inner][vc_column_inner width=&#8221;3\/4&#8243;][vc_empty_space height=&#8221;18px&#8221;][iridia_last_noticies tags=&#8221;144&#8243;][vc_empty_space][\/vc_column_inner][\/vc_row_inner][vc_row_inner][vc_column_inner width=&#8221;1\/4&#8243;][iridia_section_title heading=&#8221;Publicaciones&#8221;][\/vc_column_inner][vc_column_inner width=&#8221;3\/4&#8243;][vc_empty_space height=&#8221;18px&#8221;][iridia_last_campaigns tags=&#8221;144&#8243;][vc_empty_space][\/vc_column_inner][\/vc_row_inner][\/vc_column][\/vc_row]<\/p>\n<\/div>","protected":false},"excerpt":{"rendered":"<p>[vc_row][vc_column][vc_row_inner][vc_column_inner][mu_heading text=&#8221;Pol\u00edticas migratorias y frontera&#8221;][\/vc_column_inner][\/vc_row_inner][\/vc_column][\/vc_row][vc_row el_class=&#8221;ird-section&#8221;][vc_column][vc_row_inner][vc_column_inner el_class=&#8221;medium-4&#8243; width=&#8221;1\/3&#8243;][iridia_section_title heading=&#8221;Misi\u00f3n&#8221;][\/vc_column_inner][vc_column_inner el_class=&#8221;medium-8&#8243; width=&#8221;7\/12&#8243;][vc_column_text css_animation=&#8221;right-to-left&#8221;]Uno de los principales objetivos de Ir\u00eddia es fomentar y garantizar el respeto a los derechos humanos en las pol\u00edticas, normativas y pr\u00e1cticas de control migratorio y frontera en el Estado espa\u00f1ol.[\/vc_column_text][\/vc_column_inner][\/vc_row_inner][\/vc_column][\/vc_row][vc_row el_class=&#8221;ird-section&#8221;][vc_column][vc_row_inner][vc_column_inner el_class=&#8221;medium-4&#8243; width=&#8221;1\/3&#8243;][iridia_section_title heading=&#8221;Objetivos&#8221;][mu_text_block]Los objetivos de la l\u00ednea de pol\u00edticas migratorias y [&hellip;]<\/p>\n","protected":false},"author":2,"featured_media":5263,"parent":0,"menu_order":24,"comment_status":"closed","ping_status":"closed","template":"","meta":{"_acf_changed":false,"footnotes":""},"tags":[],"class_list":["post-919","page","type-page","status-publish","has-post-thumbnail","hentry"],"acf":[],"yoast_head":"<!-- This site is optimized with the Yoast SEO plugin v27.4 - https:\/\/yoast.com\/product\/yoast-seo-wordpress\/ -->\n<title>Pol\u00edticas migratorias y frontera - Ir\u00eddia<\/title>\n<meta name=\"robots\" content=\"index, follow, max-snippet:-1, max-image-preview:large, max-video-preview:-1\" \/>\n<link rel=\"canonical\" href=\"https:\/\/iridia.cat\/es\/migracions-racisme\/\" \/>\n<meta property=\"og:locale\" content=\"es_ES\" \/>\n<meta property=\"og:type\" content=\"article\" \/>\n<meta property=\"og:title\" content=\"Pol\u00edticas migratorias y frontera - Ir\u00eddia\" \/>\n<meta property=\"og:description\" content=\"[vc_row][vc_column][vc_row_inner][vc_column_inner][mu_heading text=&#8221;Pol\u00edticas migratorias y frontera&#8221;][\/vc_column_inner][\/vc_row_inner][\/vc_column][\/vc_row][vc_row el_class=&#8221;ird-section&#8221;][vc_column][vc_row_inner][vc_column_inner el_class=&#8221;medium-4&#8243; width=&#8221;1\/3&#8243;][iridia_section_title heading=&#8221;Misi\u00f3n&#8221;][\/vc_column_inner][vc_column_inner el_class=&#8221;medium-8&#8243; width=&#8221;7\/12&#8243;][vc_column_text css_animation=&#8221;right-to-left&#8221;]Uno de los principales objetivos de Ir\u00eddia es fomentar y garantizar el respeto a los derechos humanos en las pol\u00edticas, normativas y pr\u00e1cticas de control migratorio y frontera en el Estado espa\u00f1ol.[\/vc_column_text][\/vc_column_inner][\/vc_row_inner][\/vc_column][\/vc_row][vc_row el_class=&#8221;ird-section&#8221;][vc_column][vc_row_inner][vc_column_inner el_class=&#8221;medium-4&#8243; width=&#8221;1\/3&#8243;][iridia_section_title heading=&#8221;Objetivos&#8221;][mu_text_block]Los objetivos de la l\u00ednea de pol\u00edticas migratorias y [&hellip;]\" \/>\n<meta property=\"og:url\" content=\"https:\/\/iridia.cat\/es\/migracions-racisme\/\" \/>\n<meta property=\"og:site_name\" content=\"Ir\u00eddia\" \/>\n<meta property=\"article:modified_time\" content=\"2024-03-21T12:43:38+00:00\" \/>\n<meta property=\"og:image\" content=\"https:\/\/iridia.cat\/wp-content\/uploads\/2022\/07\/comunicat24J.jpg\" \/>\n\t<meta property=\"og:image:width\" content=\"1000\" \/>\n\t<meta property=\"og:image:height\" content=\"667\" \/>\n\t<meta property=\"og:image:type\" content=\"image\/jpeg\" \/>\n<meta name=\"twitter:card\" content=\"summary_large_image\" \/>\n<meta name=\"twitter:label1\" content=\"Est. reading time\" \/>\n\t<meta name=\"twitter:data1\" content=\"2 minutes\" \/>\n<script type=\"application\/ld+json\" class=\"yoast-schema-graph\">{\"@context\":\"https:\\\/\\\/schema.org\",\"@graph\":[{\"@type\":\"WebPage\",\"@id\":\"https:\\\/\\\/iridia.cat\\\/es\\\/migracions-racisme\\\/\",\"url\":\"https:\\\/\\\/iridia.cat\\\/es\\\/migracions-racisme\\\/\",\"name\":\"Pol\u00edticas migratorias y frontera - Ir\u00eddia\",\"isPartOf\":{\"@id\":\"https:\\\/\\\/test.iridia.cat\\\/#website\"},\"primaryImageOfPage\":{\"@id\":\"https:\\\/\\\/iridia.cat\\\/es\\\/migracions-racisme\\\/#primaryimage\"},\"image\":{\"@id\":\"https:\\\/\\\/iridia.cat\\\/es\\\/migracions-racisme\\\/#primaryimage\"},\"thumbnailUrl\":\"https:\\\/\\\/iridia.cat\\\/wp-content\\\/uploads\\\/2022\\\/07\\\/comunicat24J.jpg\",\"datePublished\":\"2018-09-04T15:24:59+00:00\",\"dateModified\":\"2024-03-21T12:43:38+00:00\",\"breadcrumb\":{\"@id\":\"https:\\\/\\\/iridia.cat\\\/es\\\/migracions-racisme\\\/#breadcrumb\"},\"inLanguage\":\"es-ES\",\"potentialAction\":[{\"@type\":\"ReadAction\",\"target\":[\"https:\\\/\\\/iridia.cat\\\/es\\\/migracions-racisme\\\/\"]}]},{\"@type\":\"ImageObject\",\"inLanguage\":\"es-ES\",\"@id\":\"https:\\\/\\\/iridia.cat\\\/es\\\/migracions-racisme\\\/#primaryimage\",\"url\":\"https:\\\/\\\/iridia.cat\\\/wp-content\\\/uploads\\\/2022\\\/07\\\/comunicat24J.jpg\",\"contentUrl\":\"https:\\\/\\\/iridia.cat\\\/wp-content\\\/uploads\\\/2022\\\/07\\\/comunicat24J.jpg\",\"width\":1000,\"height\":667},{\"@type\":\"BreadcrumbList\",\"@id\":\"https:\\\/\\\/iridia.cat\\\/es\\\/migracions-racisme\\\/#breadcrumb\",\"itemListElement\":[{\"@type\":\"ListItem\",\"position\":1,\"name\":\"Inici\",\"item\":\"https:\\\/\\\/iridia.cat\\\/es\\\/\"},{\"@type\":\"ListItem\",\"position\":2,\"name\":\"Pol\u00edticas migratorias y frontera\"}]},{\"@type\":\"WebSite\",\"@id\":\"https:\\\/\\\/test.iridia.cat\\\/#website\",\"url\":\"https:\\\/\\\/test.iridia.cat\\\/\",\"name\":\"Ir\u00eddia\",\"description\":\"\",\"publisher\":{\"@id\":\"https:\\\/\\\/test.iridia.cat\\\/#organization\"},\"potentialAction\":[{\"@type\":\"SearchAction\",\"target\":{\"@type\":\"EntryPoint\",\"urlTemplate\":\"https:\\\/\\\/test.iridia.cat\\\/?s={search_term_string}\"},\"query-input\":{\"@type\":\"PropertyValueSpecification\",\"valueRequired\":true,\"valueName\":\"search_term_string\"}}],\"inLanguage\":\"es-ES\"},{\"@type\":\"Organization\",\"@id\":\"https:\\\/\\\/test.iridia.cat\\\/#organization\",\"name\":\"Ir\u00eddia\",\"url\":\"https:\\\/\\\/test.iridia.cat\\\/\",\"logo\":{\"@type\":\"ImageObject\",\"inLanguage\":\"es-ES\",\"@id\":\"https:\\\/\\\/test.iridia.cat\\\/#\\\/schema\\\/logo\\\/image\\\/\",\"url\":\"https:\\\/\\\/iridia.cat\\\/wp-content\\\/uploads\\\/2022\\\/10\\\/avatar_iridia.png\",\"contentUrl\":\"https:\\\/\\\/iridia.cat\\\/wp-content\\\/uploads\\\/2022\\\/10\\\/avatar_iridia.png\",\"width\":740,\"height\":220,\"caption\":\"Ir\u00eddia\"},\"image\":{\"@id\":\"https:\\\/\\\/test.iridia.cat\\\/#\\\/schema\\\/logo\\\/image\\\/\"}}]}<\/script>\n<!-- \/ Yoast SEO plugin. -->","yoast_head_json":{"title":"Pol\u00edticas migratorias y frontera - Ir\u00eddia","robots":{"index":"index","follow":"follow","max-snippet":"max-snippet:-1","max-image-preview":"max-image-preview:large","max-video-preview":"max-video-preview:-1"},"canonical":"https:\/\/iridia.cat\/es\/migracions-racisme\/","og_locale":"es_ES","og_type":"article","og_title":"Pol\u00edticas migratorias y frontera - Ir\u00eddia","og_description":"[vc_row][vc_column][vc_row_inner][vc_column_inner][mu_heading text=&#8221;Pol\u00edticas migratorias y frontera&#8221;][\/vc_column_inner][\/vc_row_inner][\/vc_column][\/vc_row][vc_row el_class=&#8221;ird-section&#8221;][vc_column][vc_row_inner][vc_column_inner el_class=&#8221;medium-4&#8243; width=&#8221;1\/3&#8243;][iridia_section_title heading=&#8221;Misi\u00f3n&#8221;][\/vc_column_inner][vc_column_inner el_class=&#8221;medium-8&#8243; width=&#8221;7\/12&#8243;][vc_column_text css_animation=&#8221;right-to-left&#8221;]Uno de los principales objetivos de Ir\u00eddia es fomentar y garantizar el respeto a los derechos humanos en las pol\u00edticas, normativas y pr\u00e1cticas de control migratorio y frontera en el Estado espa\u00f1ol.[\/vc_column_text][\/vc_column_inner][\/vc_row_inner][\/vc_column][\/vc_row][vc_row el_class=&#8221;ird-section&#8221;][vc_column][vc_row_inner][vc_column_inner el_class=&#8221;medium-4&#8243; width=&#8221;1\/3&#8243;][iridia_section_title heading=&#8221;Objetivos&#8221;][mu_text_block]Los objetivos de la l\u00ednea de pol\u00edticas migratorias y [&hellip;]","og_url":"https:\/\/iridia.cat\/es\/migracions-racisme\/","og_site_name":"Ir\u00eddia","article_modified_time":"2024-03-21T12:43:38+00:00","og_image":[{"width":1000,"height":667,"url":"https:\/\/iridia.cat\/wp-content\/uploads\/2022\/07\/comunicat24J.jpg","type":"image\/jpeg"}],"twitter_card":"summary_large_image","twitter_misc":{"Est. reading time":"2 minutes"},"schema":{"@context":"https:\/\/schema.org","@graph":[{"@type":"WebPage","@id":"https:\/\/iridia.cat\/es\/migracions-racisme\/","url":"https:\/\/iridia.cat\/es\/migracions-racisme\/","name":"Pol\u00edticas migratorias y frontera - Ir\u00eddia","isPartOf":{"@id":"https:\/\/test.iridia.cat\/#website"},"primaryImageOfPage":{"@id":"https:\/\/iridia.cat\/es\/migracions-racisme\/#primaryimage"},"image":{"@id":"https:\/\/iridia.cat\/es\/migracions-racisme\/#primaryimage"},"thumbnailUrl":"https:\/\/iridia.cat\/wp-content\/uploads\/2022\/07\/comunicat24J.jpg","datePublished":"2018-09-04T15:24:59+00:00","dateModified":"2024-03-21T12:43:38+00:00","breadcrumb":{"@id":"https:\/\/iridia.cat\/es\/migracions-racisme\/#breadcrumb"},"inLanguage":"es-ES","potentialAction":[{"@type":"ReadAction","target":["https:\/\/iridia.cat\/es\/migracions-racisme\/"]}]},{"@type":"ImageObject","inLanguage":"es-ES","@id":"https:\/\/iridia.cat\/es\/migracions-racisme\/#primaryimage","url":"https:\/\/iridia.cat\/wp-content\/uploads\/2022\/07\/comunicat24J.jpg","contentUrl":"https:\/\/iridia.cat\/wp-content\/uploads\/2022\/07\/comunicat24J.jpg","width":1000,"height":667},{"@type":"BreadcrumbList","@id":"https:\/\/iridia.cat\/es\/migracions-racisme\/#breadcrumb","itemListElement":[{"@type":"ListItem","position":1,"name":"Inici","item":"https:\/\/iridia.cat\/es\/"},{"@type":"ListItem","position":2,"name":"Pol\u00edticas migratorias y frontera"}]},{"@type":"WebSite","@id":"https:\/\/test.iridia.cat\/#website","url":"https:\/\/test.iridia.cat\/","name":"Ir\u00eddia","description":"","publisher":{"@id":"https:\/\/test.iridia.cat\/#organization"},"potentialAction":[{"@type":"SearchAction","target":{"@type":"EntryPoint","urlTemplate":"https:\/\/test.iridia.cat\/?s={search_term_string}"},"query-input":{"@type":"PropertyValueSpecification","valueRequired":true,"valueName":"search_term_string"}}],"inLanguage":"es-ES"},{"@type":"Organization","@id":"https:\/\/test.iridia.cat\/#organization","name":"Ir\u00eddia","url":"https:\/\/test.iridia.cat\/","logo":{"@type":"ImageObject","inLanguage":"es-ES","@id":"https:\/\/test.iridia.cat\/#\/schema\/logo\/image\/","url":"https:\/\/iridia.cat\/wp-content\/uploads\/2022\/10\/avatar_iridia.png","contentUrl":"https:\/\/iridia.cat\/wp-content\/uploads\/2022\/10\/avatar_iridia.png","width":740,"height":220,"caption":"Ir\u00eddia"},"image":{"@id":"https:\/\/test.iridia.cat\/#\/schema\/logo\/image\/"}}]}},"_links":{"self":[{"href":"https:\/\/iridia.cat\/es\/wp-json\/wp\/v2\/pages\/919","targetHints":{"allow":["GET"]}}],"collection":[{"href":"https:\/\/iridia.cat\/es\/wp-json\/wp\/v2\/pages"}],"about":[{"href":"https:\/\/iridia.cat\/es\/wp-json\/wp\/v2\/types\/page"}],"author":[{"embeddable":true,"href":"https:\/\/iridia.cat\/es\/wp-json\/wp\/v2\/users\/2"}],"replies":[{"embeddable":true,"href":"https:\/\/iridia.cat\/es\/wp-json\/wp\/v2\/comments?post=919"}],"version-history":[{"count":17,"href":"https:\/\/iridia.cat\/es\/wp-json\/wp\/v2\/pages\/919\/revisions"}],"predecessor-version":[{"id":8906,"href":"https:\/\/iridia.cat\/es\/wp-json\/wp\/v2\/pages\/919\/revisions\/8906"}],"wp:featuredmedia":[{"embeddable":true,"href":"https:\/\/iridia.cat\/es\/wp-json\/wp\/v2\/media\/5263"}],"wp:attachment":[{"href":"https:\/\/iridia.cat\/es\/wp-json\/wp\/v2\/media?parent=919"}],"wp:term":[{"taxonomy":"post_tag","embeddable":true,"href":"https:\/\/iridia.cat\/es\/wp-json\/wp\/v2\/tags?post=919"}],"curies":[{"name":"wp","href":"https:\/\/api.w.org\/{rel}","templated":true}]}}